{"version":"1.0","provider_name":"D\u00e9bat Halal","provider_url":"https:\/\/www.debat-halal.fr\/blog","author_name":"Administrateur","author_url":"https:\/\/www.debat-halal.fr\/blog\/author\/baker\/","title":"Le Salon Ethnic Foods Europe \u00e0 Brussel - D\u00e9bat Halal","type":"rich","width":600,"height":338,"html":"<blockquote class=\"wp-embedded-content\" data-secret=\"Mflhquae9U\"><a href=\"https:\/\/www.debat-halal.fr\/blog\/le-salon-ethnic-foods-europe-a-brussel\/\">Le Salon Ethnic Foods Europe \u00e0 Brussel<\/a><\/blockquote><iframe sandbox=\"allow-scripts\" security=\"restricted\" src=\"https:\/\/www.debat-halal.fr\/blog\/le-salon-ethnic-foods-europe-a-brussel\/embed\/#?secret=Mflhquae9U\" width=\"600\" height=\"338\" title=\"\u00ab\u00a0Le Salon Ethnic Foods Europe \u00e0 Brussel\u00a0\u00bb &#8212; D\u00e9bat Halal\" data-secret=\"Mflhquae9U\" frameborder=\"0\" marginwidth=\"0\" marginheight=\"0\" scrolling=\"no\" class=\"wp-embedded-content\"><\/iframe><script type=\"text\/javascript\">\n\/* <![CDATA[ *\/\n\/*! This file is auto-generated *\/\n!function(d,l){\"use strict\";l.querySelector&&d.addEventListener&&\"undefined\"!=typeof URL&&(d.wp=d.wp||{},d.wp.receiveEmbedMessage||(d.wp.receiveEmbedMessage=function(e){var t=e.data;if((t||t.secret||t.message||t.value)&&!\/[^a-zA-Z0-9]\/.test(t.secret)){for(var s,r,n,a=l.querySelectorAll('iframe[data-secret=\"'+t.secret+'\"]'),o=l.querySelectorAll('blockquote[data-secret=\"'+t.secret+'\"]'),c=new RegExp(\"^https?:$\",\"i\"),i=0;i<o.length;i++)o[i].style.display=\"none\";for(i=0;i<a.length;i++)s=a[i],e.source===s.contentWindow&&(s.removeAttribute(\"style\"),\"height\"===t.message?(1e3<(r=parseInt(t.value,10))?r=1e3:~~r<200&&(r=200),s.height=r):\"link\"===t.message&&(r=new URL(s.getAttribute(\"src\")),n=new URL(t.value),c.test(n.protocol))&&n.host===r.host&&l.activeElement===s&&(d.top.location.href=t.value))}},d.addEventListener(\"message\",d.wp.receiveEmbedMessage,!1),l.addEventListener(\"DOMContentLoaded\",function(){for(var e,t,s=l.querySelectorAll(\"iframe.wp-embedded-content\"),r=0;r<s.length;r++)(t=(e=s[r]).getAttribute(\"data-secret\"))||(t=Math.random().toString(36).substring(2,12),e.src+=\"#?secret=\"+t,e.setAttribute(\"data-secret\",t)),e.contentWindow.postMessage({message:\"ready\",secret:t},\"*\")},!1)))}(window,document);\n\/\/# sourceURL=https:\/\/www.debat-halal.fr\/blog\/wp-includes\/js\/wp-embed.min.js\n\/* ]]> *\/\n<\/script>\n","description":"Cette semaine s\u2019est d\u00e9roul\u00e9 le salon Ethnic Foods Europe (www.ethnicfoodseurope.com) \u00e0 Brussel o\u00f9 j\u2019y \u00e9tais personnellement en tant qu\u2019exposant. C\u2019\u00e9tait un salon tr\u00e8s sympathique et convivial ou la plupart des exposants pr\u00e9sentaient des produits ethniques. S\u2019y trouvaient \u00e9galement quelques exposants proposant des","thumbnail_url":"http:\/\/www.debat-halal.fr\/blog\/wp-content\/uploads\/2011\/03\/flou1-1024x682.jpg"}